{"id":993,"date":"2021-02-05T17:52:26","date_gmt":"2021-02-05T15:52:26","guid":{"rendered":"https:\/\/www.mamadelletimel.cat\/quien-soy\/"},"modified":"2021-02-05T17:59:31","modified_gmt":"2021-02-05T15:59:31","slug":"quien-soy","status":"publish","type":"page","link":"https:\/\/www.mamadelletimel.cat\/es\/quien-soy\/","title":{"rendered":"Qui\u00e9n soy"},"content":{"rendered":"<p>[et_pb_section fb_built=&#8221;1&#8243; fullwidth=&#8221;on&#8221; next_background_color=&#8221;#f9fafb&#8221; _builder_version=&#8221;4.6.5&#8243; _module_preset=&#8221;default&#8221; background_color=&#8221;rgba(0,0,0,0)&#8221; module_alignment=&#8221;center&#8221; custom_padding=&#8221;0px||||false|false&#8221; bottom_divider_style=&#8221;wave&#8221; bottom_divider_height=&#8221;250px&#8221; bottom_divider_flip=&#8221;horizontal&#8221;][et_pb_fullwidth_header title=&#8221;Qui\u00e9n soy&#8221; subhead=&#8221;Crianza respetuosa&#8221; text_orientation=&#8221;center&#8221; _builder_version=&#8221;4.6.5&#8243; _module_preset=&#8221;default&#8221; title_font=&#8221;||||||||&#8221; title_text_align=&#8221;center&#8221; title_text_color=&#8221;#000000&#8243; title_font_size=&#8221;74px&#8221; title_line_height=&#8221;1.4em&#8221; subhead_font=&#8221;Affogato|200||on|||||&#8221; subhead_text_align=&#8221;center&#8221; subhead_text_color=&#8221;#54907a&#8221; subhead_font_size=&#8221;34px&#8221; subhead_line_height=&#8221;1.3em&#8221; background_color=&#8221;#ffffff&#8221; background_layout=&#8221;light&#8221; min_height=&#8221;369px&#8221; custom_margin=&#8221;||-20px||false|false&#8221; custom_padding=&#8221;100px||0px||false|false&#8221;][\/et_pb_fullwidth_header][et_pb_fullwidth_image src=&#8221;https:\/\/www.mamadelletimel.cat\/wp-content\/uploads\/2020\/10\/gota-4.png&#8221; title_text=&#8221;gota-4&#8243; _builder_version=&#8221;4.6.5&#8243; _module_preset=&#8221;default&#8221; width=&#8221;4%&#8221; module_alignment=&#8221;center&#8221; custom_margin=&#8221;0px||||false|false&#8221; custom_padding=&#8221;0px||210px||false|false&#8221; animation_style=&#8221;slide&#8221; animation_direction=&#8221;top&#8221; animation_delay=&#8221;1600ms&#8221;][\/et_pb_fullwidth_image][\/et_pb_section][et_pb_section fb_built=&#8221;1&#8243; admin_label=&#8221;About Me&#8221; _builder_version=&#8221;4.6.5&#8243; background_color=&#8221;#f9fafb&#8221; background_enable_image=&#8221;off&#8221; background_size=&#8221;initial&#8221; background_position=&#8221;center_left&#8221; custom_margin=&#8221;0px||-13px||false|false&#8221; custom_padding=&#8221;30px|0px|66px|0px|false|false&#8221; top_divider_color=&#8221;#f9fafb&#8221; top_divider_height=&#8221;3vw&#8221; top_divider_arrangement=&#8221;above_content&#8221;][et_pb_row column_structure=&#8221;1_2,1_2&#8243; _builder_version=&#8221;4.6.5&#8243; custom_padding=&#8221;30px|0px|0|0px|false|false&#8221;][et_pb_column type=&#8221;1_2&#8243; _builder_version=&#8221;4.6.5&#8243; custom_padding=&#8221;|||&#8221; custom_padding__hover=&#8221;|||&#8221;][et_pb_text _builder_version=&#8221;4.8.2&#8243; text_font=&#8221;Affogato|200|||||||&#8221; text_font_size=&#8221;18px&#8221; text_line_height=&#8221;1.3em&#8221; header_font=&#8221;||||||||&#8221; header_2_font=&#8221;HarrietText|300|||||||&#8221; header_2_font_size=&#8221;34px&#8221; header_2_line_height=&#8221;3em&#8221; width=&#8221;93%&#8221; max_width=&#8221;745px&#8221; header_2_font_size_tablet=&#8221;&#8221; header_2_font_size_phone=&#8221;20px&#8221; header_2_font_size_last_edited=&#8221;on|phone&#8221; locked=&#8221;off&#8221;]<\/p>\n<h2><span style=\"font-weight: 400;\">Me llamo Laia, soy madre y maestra.<\/span><\/h2>\n<p><span style=\"font-weight: 400;\">Tengo una hija que se llama Mel y ha sido la inspiraci\u00f3n para comenzar este proyecto de mamadelletimel.<\/span><\/p>\n<p><span style=\"font-weight: 400;\">Soy Sabadellenca y llevo muchos a\u00f1os viviendo en la ciudad, pero desde que conoc\u00ed a mi pareja, me estoy empapando de naturaleza y de vida rural en una mas\u00eda.<\/span><\/p>\n<p><span style=\"font-weight: 400;\">La maternidad, qu\u00e9 sorpresa !! Ser madre me ha abierto la mirada en relaci\u00f3n este tema, me ha aportado comprensi\u00f3n, me ha ayudado entender muchas cosas y me ha hecho empatizar mucho m\u00e1s con madres y familias. Es un aprendizaje rec\u00edproco d\u00eda a d\u00eda que me hace reflexionar y aprovecho todo lo que puedo.<\/span><\/p>\n<p><span style=\"font-weight: 400;\">El proyecto de mamadelletimel engloba varias cosas que me hacen vibrar y me gustan: las actividades educativas, la costura, la escritura, la cocina, &#8230; La danza es otra de mis pasiones, de momento aqu\u00ed no hay ning\u00fan apartado relacionado,<\/span> <span style=\"font-weight: 400;\">pero a trav\u00e9s de las propuestas ya ir\u00e1 saliendo algo.<\/span><\/p>\n<p>[\/et_pb_text][et_pb_text _builder_version=&#8221;4.6.5&#8243; text_font=&#8221;Affogato|200|||||||&#8221; text_font_size=&#8221;18px&#8221; text_line_height=&#8221;1.3em&#8221; header_font=&#8221;||||||||&#8221; header_2_font=&#8221;Merriweather|300|||||||&#8221; header_2_font_size=&#8221;36px&#8221; header_2_line_height=&#8221;1.6em&#8221; width=&#8221;93%&#8221; max_width=&#8221;762px&#8221; header_2_font_size_tablet=&#8221;&#8221; header_2_font_size_phone=&#8221;20px&#8221; header_2_font_size_last_edited=&#8221;on|phone&#8221; locked=&#8221;off&#8221;]<\/p>\n<p><span style=\"font-weight: 400;\">Los valores que intento transmitir y compartir a trav\u00e9s de las publicaciones son educar de forma respetuosa y significativa, aprovechar al m\u00e1ximo todo lo que nos aporta la naturaleza ya sea para observar, aprender, jugar, comer, vivir &#8230;, animar a hacer recetas de cocina caseras haciendo part\u00edcipes a las ni\u00f1as y ni\u00f1os de la casa y, siempre que sea posible, promover un consumo responsable, artesano y de proximidad.<\/span><\/p>\n<p><span style=\"font-weight: 400;\">Todo lo que soy ahora es gracias a lo que me ha ense\u00f1ado mi pareja y mi hija, la familia, la gente que me rodea y las personas que en alg\u00fan momento hemos compartido caminos. Much\u00edsimas gracias!<\/span><\/p>\n<p>[\/et_pb_text][\/et_pb_column][et_pb_column type=&#8221;1_2&#8243; _builder_version=&#8221;4.6.5&#8243; custom_padding=&#8221;60px||||false|false&#8221; custom_padding__hover=&#8221;|||&#8221;][et_pb_image src=&#8221;https:\/\/www.mamadelletimel.cat\/wp-content\/uploads\/2020\/11\/melimamaestany.jpg&#8221; title_text=&#8221;melimamaestany&#8221; _builder_version=&#8221;4.8.2&#8243; _module_preset=&#8221;default&#8221; animation_style=&#8221;slide&#8221; animation_direction=&#8221;right&#8221; border_radii=&#8221;on|30px|30px|30px|30px&#8221;][\/et_pb_image][\/et_pb_column][\/et_pb_row][\/et_pb_section][et_pb_section fb_built=&#8221;1&#8243; specialty=&#8221;on&#8221; background_size_2=&#8221;cover&#8221; background_repeat_2=&#8221;no-repeat&#8221; padding_top_bottom_link_1=&#8221;false&#8221; padding_top_bottom_link_2=&#8221;true&#8221; padding_left_right_link_1=&#8221;false&#8221; use_background_color_gradient_2=&#8221;off&#8221; background_color_gradient_start_2=&#8221;rgba(255,255,255,0)&#8221; background_color_gradient_end_2=&#8221;#f7f7f7&#8243; background_color_gradient_start_position_2=&#8221;50%&#8221; background_color_gradient_overlays_image_2=&#8221;on&#8221; padding_top_2=&#8221;0px&#8221; padding_bottom_1=&#8221;60px&#8221; padding_bottom_2=&#8221;0px&#8221; padding_left_1=&#8221;10%&#8221; padding_1_tablet=&#8221;|10%||10%||true&#8221; padding_1_phone=&#8221;&#8221; padding_1_last_edited=&#8221;on|desktop&#8221; admin_label=&#8221;Services&#8221; _builder_version=&#8221;4.6.5&#8243; background_color=&#8221;#fcfcfc&#8221; inner_width=&#8221;100%&#8221; inner_max_width=&#8221;100%&#8221; custom_padding=&#8221;0px|0px|0||false|false&#8221; bottom_divider_color=&#8221;#ffffff&#8221; bottom_divider_height=&#8221;6vw&#8221; bottom_divider_arrangement=&#8221;above_content&#8221; use_custom_width=&#8221;on&#8221; width_unit=&#8221;off&#8221; custom_width_percent=&#8221;100%&#8221;][et_pb_column type=&#8221;1_2&#8243; specialty_columns=&#8221;2&#8243; _builder_version=&#8221;3.25&#8243; custom_padding=&#8221;|||&#8221; custom_padding__hover=&#8221;|||&#8221;][et_pb_row_inner _builder_version=&#8221;4.6.5&#8243; width=&#8221;100%&#8221; custom_margin=&#8221;-44px|-366px||50px|false|false&#8221; custom_padding=&#8221;30px|0px|0|0px|false|false&#8221;][et_pb_column_inner saved_specialty_column_type=&#8221;1_2&#8243; _builder_version=&#8221;4.6.5&#8243; background_color=&#8221;#ffffff&#8221; custom_padding=&#8221;30px|30px|30px|30px|true|true&#8221; border_radii=&#8221;on|30px|30px|30px|30px&#8221; box_shadow_style=&#8221;preset1&#8243; custom_padding__hover=&#8221;|||&#8221;][et_pb_image src=&#8221;https:\/\/www.mamadelletimel.cat\/wp-content\/uploads\/2020\/10\/gota-4.png&#8221; title_text=&#8221;gota-4&#8243; show_bottom_space=&#8221;off&#8221; align=&#8221;center&#8221; _builder_version=&#8221;4.6.5&#8243; _module_preset=&#8221;default&#8221; width=&#8221;18%&#8221; custom_margin=&#8221;||-40px||false|false&#8221;][\/et_pb_image][et_pb_text _builder_version=&#8221;4.6.5&#8243; text_font=&#8221;Affogato|200|||||||&#8221; text_font_size=&#8221;18px&#8221; text_line_height=&#8221;1.3em&#8221; header_font=&#8221;||||||||&#8221; header_2_font=&#8221;MadelonScript|300|||||||&#8221; header_2_text_color=&#8221;#54907a&#8221; header_2_font_size=&#8221;52px&#8221; max_width=&#8221;762px&#8221; custom_padding=&#8221;30px|30px|30px|30px|false|false&#8221; header_2_font_size_tablet=&#8221;&#8221; header_2_font_size_phone=&#8221;20px&#8221; header_2_font_size_last_edited=&#8221;on|phone&#8221; locked=&#8221;off&#8221;]<\/p>\n<h2 style=\"text-align: center;\">Cocina<\/h2>\n<p style=\"text-align: center;\"><span style=\"font-weight: 400;\">Cuando \u00e9ramos peque\u00f1os mi padre de vez en cuando nos sorprend\u00eda con recetas diferentes, a nosotros en ese momento no nos entusiasmaba demasiado, pero de mayores fuimos aprendiendo a disfrutar de nuevos platos e ingredientes. A mi padre le gusta mucho cocinar y sobre todo crear nuevas recetas y nosotros, por supuesto, hacer de &#8220;conejillos de indias&#8221; y as\u00ed educar el paladar.<\/span><\/p>\n<p style=\"text-align: center;\"><span style=\"font-weight: 400;\">Ya hace tiempo que encontr\u00e9 el gusto por cocinar platos sencillos, pero no ha sido hasta hace unos a\u00f1os que he empezado a buscar de nuevos en libros y internet. A partir de aqu\u00ed, la inspiraci\u00f3n y creatividad, me han llevado a jugar con los alimentos y crear nuevas recetas. Desde que naci\u00f3 Mel tambi\u00e9n he empezado a interesarme por recetas saludables adecuadas a su edad y as\u00ed evitar al m\u00e1ximo los az\u00facares refinados y los productos procesados.<\/span><\/p>\n<p style=\"text-align: center;\"><span style=\"font-weight: 400;\">M\u00e1s que un simple hecho nutritivo y necesario, para mi comer es un placer! Y as\u00ed espero que sea para vosotros cuando os anim\u00e1is a hacer mis recetas! Buen provecho!<\/span><\/p>\n<p>[\/et_pb_text][\/et_pb_column_inner][\/et_pb_row_inner][\/et_pb_column][et_pb_column type=&#8221;1_2&#8243; _builder_version=&#8221;3.25&#8243; custom_padding=&#8221;|||&#8221; custom_padding__hover=&#8221;|||&#8221;][et_pb_image src=&#8221;https:\/\/www.mamadelletimel.cat\/wp-content\/uploads\/2020\/11\/form-rara.png&#8221; title_text=&#8221;form-rara&#8221; show_bottom_space=&#8221;off&#8221; align=&#8221;right&#8221; _builder_version=&#8221;4.6.5&#8243; _module_preset=&#8221;default&#8221; width=&#8221;91.5%&#8221; module_alignment=&#8221;right&#8221; height=&#8221;912px&#8221; custom_margin=&#8221;|0px|||false|false&#8221; custom_padding=&#8221;0px|0px|0px|0px|false|false&#8221; animation_style=&#8221;slide&#8221; animation_direction=&#8221;right&#8221;][\/et_pb_image][\/et_pb_column][\/et_pb_section][et_pb_section fb_built=&#8221;1&#8243; admin_label=&#8221;About Me&#8221; _builder_version=&#8221;4.6.5&#8243; background_color=&#8221;#ffffff&#8221; background_enable_image=&#8221;off&#8221; background_size=&#8221;initial&#8221; background_position=&#8221;center_left&#8221; custom_margin=&#8221;30px||||false|false&#8221; custom_padding=&#8221;0px|0px|80px|0px|false|false&#8221; top_divider_height=&#8221;6vw&#8221; top_divider_flip=&#8221;vertical&#8221;][et_pb_row column_structure=&#8221;2_5,3_5&#8243; _builder_version=&#8221;4.6.5&#8243; background_color=&#8221;#f9fafb&#8221; positioning=&#8221;none&#8221; custom_padding=&#8221;||50px|40px|false|false&#8221; custom_css_main_element=&#8221;overflow: visible;&#8221; border_radii=&#8221;on|20px|20px|20px|20px&#8221;][et_pb_column type=&#8221;2_5&#8243; _builder_version=&#8221;4.6.5&#8243; background_enable_image=&#8221;off&#8221; custom_padding__hover=&#8221;|||&#8221;][et_pb_image src=&#8221;https:\/\/www.mamadelletimel.cat\/wp-content\/uploads\/2020\/10\/gota-4.png&#8221; title_text=&#8221;gota-4&#8243; align=&#8221;center&#8221; _builder_version=&#8221;4.6.5&#8243; _module_preset=&#8221;default&#8221; position_origin_a=&#8221;top_center&#8221; z_index=&#8221;3&#8243; width=&#8221;32%&#8221; custom_margin=&#8221;-110px||80px||false|false&#8221; animation_style=&#8221;slide&#8221; animation_direction=&#8221;top&#8221;][\/et_pb_image][et_pb_image src=&#8221;https:\/\/www.mamadelletimel.cat\/wp-content\/uploads\/2020\/11\/foto-espai2.jpg&#8221; title_text=&#8221;foto-espai2&#8243; show_bottom_space=&#8221;off&#8221; align=&#8221;center&#8221; _builder_version=&#8221;4.6.5&#8243; _module_preset=&#8221;default&#8221; width=&#8221;25vw&#8221; max_width=&#8221;25vw&#8221; min_height=&#8221;25vw&#8221; height=&#8221;25vw&#8221; max_height=&#8221;25vw&#8221; custom_padding=&#8221;0px|0px|0px|0px|false|false&#8221; border_radii=&#8221;on|50%|50%|50%|50%&#8221;][\/et_pb_image][\/et_pb_column][et_pb_column type=&#8221;3_5&#8243; _builder_version=&#8221;4.6.5&#8243; custom_padding=&#8221;||80px||false|false&#8221; custom_padding__hover=&#8221;|||&#8221;][et_pb_text _builder_version=&#8221;4.6.5&#8243; text_font=&#8221;Affogato|300|||||||&#8221; text_font_size=&#8221;18px&#8221; text_line_height=&#8221;1.4em&#8221; header_font=&#8221;||||||||&#8221; header_2_font=&#8221;MadelonScript|500|||||||&#8221; header_2_text_color=&#8221;#54907a&#8221; header_2_font_size=&#8221;60px&#8221; header_2_line_height=&#8221;1.6em&#8221; text_orientation=&#8221;justified&#8221; custom_margin=&#8221;0px||||false|false&#8221; custom_padding=&#8221;|50px|||false|false&#8221; animation_direction=&#8221;right&#8221; header_2_font_size_tablet=&#8221;&#8221; header_2_font_size_phone=&#8221;20px&#8221; header_2_font_size_last_edited=&#8221;on|phone&#8221;]<\/p>\n<h2>Escritura<\/h2>\n<p><span style=\"font-weight: 400;\">De peque\u00f1a me gustaba mucho escribir en mi diario y escrib\u00eda las cosas que hab\u00eda hecho durante el d\u00eda. Supongo que ve\u00eda a mi madre hacerlo y yo tambi\u00e9n me anim\u00e9. En los inicios de la adolescencia continu\u00e9 escribiendo, ya que era una buena manera de explicar todo lo que ten\u00eda en mente sin juicio. De mayor he accedido a la escritura en momentos que he necesitado poner orden a las emociones y sentimientos para as\u00ed poder entender y conocerme m\u00e1s a m\u00ed misma.<\/span><\/p>\n<p><span style=\"font-weight: 400;\">Cuando empec\u00e9 a trabajar de maestra conoc\u00ed y expliqu\u00e9 muchos cuentos infantiles y me enamoraba de las historias y las ilustraciones.<\/span><\/p>\n<p><span style=\"font-weight: 400;\">Por otra parte, en casa mi madre le\u00eda mucho, iba ampliando la librer\u00eda y nos transmit\u00eda la pasi\u00f3n y el gusto por la lectura.<\/span><\/p>\n<p><span style=\"font-weight: 400;\">Hace unos a\u00f1os escrib\u00ed mi primer cuento, desde entonces me empezaron a venir a la cabeza muchas ideas para escribir cuentos, pero nunca encontraba el tiempo para desarrollarlos. Finalmente, me he podido dedicar de lleno, ya tengo unos cuantos cuentos escritos y he autoeditado el cuento Mel, inspirado en el embarazo y la maternidad.<\/span><\/p>\n<p><span style=\"font-weight: 400;\">Sintiendo el placer para escribir, me apunt\u00e9 a un curso de escritura de cuentos que me ayud\u00f3 mucho a mejorar los escritos y tambi\u00e9n a familiarizarme con otros tipos de cuentos que no sean infantiles. De ah\u00ed empezaron a salir relatos, reflexiones y cuentos para adultos, algunos de ellos los podreis encontrar en la web.<\/span><\/p>\n<p><span style=\"font-weight: 400;\">Desde aqu\u00ed os ir\u00e9 compartiendo cuentos y libros de diferentes tipos, que desde mi punto de vista son chulos e interesantes y pueden aportar placer, conocimiento y \/ o entretenimiento.<\/span><\/p>\n<p>[\/et_pb_text][\/et_pb_column][\/et_pb_row][\/et_pb_section][et_pb_section fb_built=&#8221;1&#8243; admin_label=&#8221;About Me&#8221; _builder_version=&#8221;4.6.5&#8243; background_color=&#8221;#ffffff&#8221; background_enable_image=&#8221;off&#8221; background_size=&#8221;initial&#8221; background_position=&#8221;center_left&#8221; custom_margin=&#8221;0px||-13px||false|false&#8221; custom_padding=&#8221;27px|0px|66px|0px|false|false&#8221; top_divider_height=&#8221;6vw&#8221; top_divider_flip=&#8221;vertical&#8221;][et_pb_row column_structure=&#8221;3_5,2_5&#8243; _builder_version=&#8221;4.6.5&#8243; background_color=&#8221;#ffffff&#8221; custom_padding=&#8221;|||60px|false|false&#8221; border_radii=&#8221;on|10px|10px|10px|10px&#8221;][et_pb_column type=&#8221;3_5&#8243; _builder_version=&#8221;4.6.5&#8243; background_enable_image=&#8221;off&#8221; custom_padding=&#8221;|||&#8221; custom_padding__hover=&#8221;|||&#8221;][et_pb_image src=&#8221;https:\/\/www.mamadelletimel.cat\/wp-content\/uploads\/2020\/10\/gota-4.png&#8221; title_text=&#8221;gota-4&#8243; show_bottom_space=&#8221;off&#8221; _builder_version=&#8221;4.6.5&#8243; _module_preset=&#8221;default&#8221; width=&#8221;10%&#8221; custom_margin=&#8221;0px||||false|false&#8221; border_radii=&#8221;on|50%|50%|50%|50%&#8221;][\/et_pb_image][et_pb_text _builder_version=&#8221;4.6.5&#8243; text_font=&#8221;Affogato|300|||||||&#8221; text_font_size=&#8221;18px&#8221; text_line_height=&#8221;1.3em&#8221; header_font=&#8221;||||||||&#8221; header_2_font=&#8221;MadelonScript|500|||||||&#8221; header_2_text_color=&#8221;#54907a&#8221; header_2_font_size=&#8221;60px&#8221; header_2_line_height=&#8221;1.6em&#8221; text_orientation=&#8221;justified&#8221; width=&#8221;93%&#8221; custom_margin=&#8221;0px||||false|false&#8221; custom_padding=&#8221;|50px|||false|false&#8221; animation_direction=&#8221;right&#8221; header_2_font_size_tablet=&#8221;&#8221; header_2_font_size_phone=&#8221;20px&#8221; header_2_font_size_last_edited=&#8221;on|phone&#8221;]<\/p>\n<h2>Tejidos para beb\u00e9s<\/h2>\n<p><span style=\"font-weight: 400;\">Soy nieta de una costurera especialista en arreglar prendas y de un comercial de jerseys de punto. Recuerdo cuando mi abuelo me llevaba a la f\u00e1brica y me ense\u00f1aba con mucha ilusi\u00f3n los telares y las bobinas de hilos. Los agujeros de los jerseys que arreglaba mi abuela quedaban como nuevos, ni mirando el tejido de cerca te dabas que all\u00ed hab\u00eda habido un agujero. Desde peque\u00f1a me han gustado las manualidades, como el ganchillo, el tapiz, &#8230; y un poco m\u00e1s grande me interes\u00e9 por la costura, pensaba ideas para transformar la ropa que ten\u00eda y hasta me plante\u00e9 estudiar dise\u00f1o de moda. Al final tir\u00e9 hacia el mundo de la educaci\u00f3n y unos a\u00f1os m\u00e1s tarde me apunt\u00e9 a un taller de costura, donde me ense\u00f1aron a hacer patrones, dise\u00f1ar y confeccionar mi propia ropa. Hace un tiempo ya me motiv\u00e9 a coser varios cuellos de invierno y ahora, viendo las necesidades que hay con un beb\u00e9, he empezado a hacer complementos para beb\u00e9s.<\/span><\/p>\n<p>[\/et_pb_text][\/et_pb_column][et_pb_column type=&#8221;2_5&#8243; _builder_version=&#8221;4.6.5&#8243; custom_padding=&#8221;150px||||false|false&#8221; custom_padding__hover=&#8221;|||&#8221;][et_pb_image src=&#8221;https:\/\/www.mamadelletimel.cat\/wp-content\/uploads\/2020\/11\/IMG_8731a.jpg&#8221; title_text=&#8221;IMG_8731a&#8221; show_bottom_space=&#8221;off&#8221; _builder_version=&#8221;4.6.5&#8243; _module_preset=&#8221;default&#8221; width=&#8221;420px&#8221; height=&#8221;420px&#8221; animation_style=&#8221;zoom&#8221; border_radii=&#8221;on|50%|50%|50%|50%&#8221;][\/et_pb_image][\/et_pb_column][\/et_pb_row][\/et_pb_section][et_pb_section fb_built=&#8221;1&#8243; admin_label=&#8221;About Me&#8221; _builder_version=&#8221;4.6.5&#8243; background_color=&#8221;#f9fafb&#8221; background_enable_image=&#8221;off&#8221; background_size=&#8221;initial&#8221; background_position=&#8221;center_left&#8221; min_height=&#8221;355px&#8221; custom_margin=&#8221;70px||-13px||false|false&#8221; custom_padding=&#8221;275px|0px|66px|0px|false|false&#8221; top_divider_style=&#8221;wave&#8221; top_divider_color=&#8221;#ffffff&#8221; top_divider_height=&#8221;14vw&#8221; top_divider_flip=&#8221;vertical&#8221; top_divider_arrangement=&#8221;above_content&#8221;][et_pb_row column_structure=&#8221;1_4,1_4,1_4,1_4&#8243; _builder_version=&#8221;4.6.5&#8243; background_color=&#8221;#f9fafb&#8221; border_radii=&#8221;on|10px|10px|10px|10px&#8221;][et_pb_column type=&#8221;1_4&#8243; _builder_version=&#8221;4.6.5&#8243; background_enable_image=&#8221;off&#8221; custom_padding=&#8221;|||&#8221; custom_padding__hover=&#8221;|||&#8221;][\/et_pb_column][et_pb_column type=&#8221;1_4&#8243; _builder_version=&#8221;3.25&#8243; custom_padding=&#8221;|||&#8221; custom_padding__hover=&#8221;|||&#8221;][et_pb_blurb url_new_window=&#8221;on&#8221; use_icon=&#8221;on&#8221; font_icon=&#8221;%%238%%&#8221; icon_color=&#8221;#ffffff&#8221; use_circle=&#8221;on&#8221; icon_placement=&#8221;left&#8221; use_icon_font_size=&#8221;on&#8221; icon_font_size=&#8221;15px&#8221; _builder_version=&#8221;4.8.2&#8243; _module_preset=&#8221;default&#8221; header_font=&#8221;Affogato|900||on|||||&#8221; header_text_color=&#8221;#000000&#8243; header_font_size=&#8221;21px&#8221; body_line_height=&#8221;1.8em&#8221; background_enable_color=&#8221;off&#8221; custom_padding=&#8221;|||0px||&#8221; animation_style=&#8221;slide&#8221; animation_direction=&#8221;bottom&#8221; animation_delay=&#8221;300ms&#8221; link_option_url_new_window=&#8221;on&#8221;]<\/p>\n<p>hola@mamadelletimel.cat<\/p>\n<p>[\/et_pb_blurb][\/et_pb_column][et_pb_column type=&#8221;1_4&#8243; _builder_version=&#8221;3.25&#8243; custom_padding=&#8221;|||&#8221; custom_padding__hover=&#8221;|||&#8221;][et_pb_blurb url_new_window=&#8221;on&#8221; use_icon=&#8221;on&#8221; font_icon=&#8221;%%298%%&#8221; icon_color=&#8221;#ffffff&#8221; use_circle=&#8221;on&#8221; icon_placement=&#8221;left&#8221; use_icon_font_size=&#8221;on&#8221; icon_font_size=&#8221;15px&#8221; _builder_version=&#8221;4.6.5&#8243; _module_preset=&#8221;default&#8221; header_font=&#8221;Affogato|900||on|||||&#8221; header_text_color=&#8221;#000000&#8243; header_font_size=&#8221;21px&#8221; body_line_height=&#8221;1.8em&#8221; background_enable_color=&#8221;off&#8221; animation_style=&#8221;slide&#8221; animation_direction=&#8221;bottom&#8221; animation_delay=&#8221;300ms&#8221; link_option_url=&#8221;https:\/\/www.instagram.com\/mamadelletimel\/&#8221; link_option_url_new_window=&#8221;on&#8221;]<\/p>\n<p>@mamadelletimel<\/p>\n<p>[\/et_pb_blurb][\/et_pb_column][et_pb_column type=&#8221;1_4&#8243; _builder_version=&#8221;3.25&#8243; custom_padding=&#8221;|||&#8221; custom_padding__hover=&#8221;|||&#8221;][\/et_pb_column][\/et_pb_row][\/et_pb_section][et_pb_section fb_built=&#8221;1&#8243; _builder_version=&#8221;4.6.5&#8243; _module_preset=&#8221;default&#8221; background_color=&#8221;#f9fafb&#8221; custom_margin=&#8221;0px||0px||false|false&#8221; custom_padding=&#8221;0px||120px||false|false&#8221;][et_pb_row _builder_version=&#8221;4.8.2&#8243; _module_preset=&#8221;default&#8221; background_color=&#8221;rgba(255,255,255,0.5)&#8221; z_index=&#8221;2&#8243; max_width=&#8221;1200px&#8221; custom_padding=&#8221;3%|5%|2%|5%|false|false&#8221; border_radii=&#8221;on|40px|40px|40px|40px&#8221; box_shadow_style=&#8221;preset2&#8243; global_module=&#8221;216&#8243; saved_tabs=&#8221;all&#8221;][et_pb_column type=&#8221;4_4&#8243; _builder_version=&#8221;4.6.5&#8243; _module_preset=&#8221;default&#8221;][et_pb_signup mailchimp_list=&#8221;hola@mamadelletimelcat|aed491c2db&#8221; layout=&#8221;top_bottom&#8221; first_name_field=&#8221;off&#8221; last_name_field=&#8221;off&#8221; success_message=&#8221;\u00a1Gracias!&#8221; title=&#8221;Newsletter muy melosas!&#8221; button_text=&#8221;ME APUNTO&#8221; description=&#8221;&lt;h2&gt;Newsletter muy melosas!&lt;\/h2&gt;&lt;p&gt;Te enviar\u00e9 novedades, actividades y alguna receta&lt;\/p&gt;&#8221; use_spam_service=&#8221;on&#8221; recaptcha_list=&#8221;mamadelletimelcat v3|mamadelletimelcat v3-0&#8243; module_class=&#8221;custom-email-optin&#8221; _builder_version=&#8221;4.8.2&#8243; _module_preset=&#8221;default&#8221; form_field_background_color=&#8221;#54907A&#8221; form_field_text_color=&#8221;#FFFFFF&#8221; form_field_focus_background_color=&#8221;#54907A&#8221; form_field_focus_text_color=&#8221;#FFFFFF&#8221; header_font_size=&#8221;38px&#8221; form_field_text_align=&#8221;center&#8221; background_enable_color=&#8221;off&#8221; custom_button=&#8221;on&#8221; button_text_color=&#8221;#54907A&#8221; button_bg_color=&#8221;RGBA(0,0,0,0)&#8221; button_border_width=&#8221;3px&#8221; button_border_color=&#8221;#54907A&#8221; button_border_radius=&#8221;0px&#8221; button_use_icon=&#8221;off&#8221; text_orientation=&#8221;center&#8221; background_layout=&#8221;light&#8221; custom_css_newsletter_fields=&#8221;text-transform: lowercase;&#8221; custom_css_newsletter_button=&#8221;border: 0px;||border-bottom: 3px solid!important;||display: inline-block;||width: auto;&#8221; border_radii_fields=&#8221;on|30px|30px|30px|30px&#8221; button_letter_spacing__hover_enabled=&#8221;on|hover&#8221; button_letter_spacing__hover=&#8221;2px&#8221; button_bg_color__hover_enabled=&#8221;on|desktop&#8221; button_bg_color__hover=&#8221;RGBA(0,0,0,0)&#8221; button_bg_enable_color__hover=&#8221;on&#8221;][\/et_pb_signup][\/et_pb_column][\/et_pb_row][\/et_pb_section]<\/p>\n","protected":false},"excerpt":{"rendered":"<p>Me llamo Laia, soy madre y maestra. Tengo una hija que se llama Mel y ha sido la inspiraci\u00f3n para comenzar este proyecto de mamadelletimel. Soy Sabadellenca y llevo muchos a\u00f1os viviendo en la ciudad, pero desde que conoc\u00ed a mi pareja, me estoy empapando de naturaleza y de vida rural en una mas\u00eda. La [&hellip;]<\/p>\n","protected":false},"author":1,"featured_media":0,"parent":0,"menu_order":0,"comment_status":"closed","ping_status":"closed","template":"","meta":{"_et_pb_use_builder":"on","_et_pb_old_content":"","_et_gb_content_width":"","footnotes":""},"class_list":["post-993","page","type-page","status-publish","hentry"],"_links":{"self":[{"href":"https:\/\/www.mamadelletimel.cat\/es\/wp-json\/wp\/v2\/pages\/993","targetHints":{"allow":["GET"]}}],"collection":[{"href":"https:\/\/www.mamadelletimel.cat\/es\/wp-json\/wp\/v2\/pages"}],"about":[{"href":"https:\/\/www.mamadelletimel.cat\/es\/wp-json\/wp\/v2\/types\/page"}],"author":[{"embeddable":true,"href":"https:\/\/www.mamadelletimel.cat\/es\/wp-json\/wp\/v2\/users\/1"}],"replies":[{"embeddable":true,"href":"https:\/\/www.mamadelletimel.cat\/es\/wp-json\/wp\/v2\/comments?post=993"}],"version-history":[{"count":4,"href":"https:\/\/www.mamadelletimel.cat\/es\/wp-json\/wp\/v2\/pages\/993\/revisions"}],"predecessor-version":[{"id":999,"href":"https:\/\/www.mamadelletimel.cat\/es\/wp-json\/wp\/v2\/pages\/993\/revisions\/999"}],"wp:attachment":[{"href":"https:\/\/www.mamadelletimel.cat\/es\/wp-json\/wp\/v2\/media?parent=993"}],"curies":[{"name":"wp","href":"https:\/\/api.w.org\/{rel}","templated":true}]}}